{"id":2332,"date":"2023-01-25T15:17:57","date_gmt":"2023-01-25T14:17:57","guid":{"rendered":"https:\/\/chateauclosdebouard.com\/?post_type=product&#038;p=2332"},"modified":"2023-03-21T14:54:58","modified_gmt":"2023-03-21T13:54:58","slug":"condrieu-la-combe-de-malleval","status":"publish","type":"product","link":"https:\/\/chateauclosdebouard.com\/produit\/condrieu-la-combe-de-malleval\/","title":{"rendered":"Condrieu la Combe de Malleval"},"content":{"rendered":"<p>Appellation : Condrieu<br \/>\nDegr\u00e9 : 14,5%<br \/>\nAnn\u00e9e : 2019<br \/>\nType : Sec<br \/>\nCouleur : Blanc<br \/>\nFormat : 75cl<br \/>\nC\u00e9page : 100% Viognier<\/p>\n<p>Pays : France<br \/>\nR\u00e9gion : Rh\u00f4ne<\/p>\n","protected":false},"excerpt":{"rendered":"<p>\u00c9l\u00e9gante combinaison de fruits blancs et de douces senteurs d&#8217;\u00e9pices, le Condrieu Combe de Malleval d\u00e9veloppe en bouche beaucoup de richesse et de rondeur. Une cuv\u00e9e suave et \u00e9quilibr\u00e9e qui s&#8217;invitera aussi bien au cours d&#8217;un repas que sur des desserts.<\/p>\n","protected":false},"featured_media":2333,"comment_status":"open","ping_status":"closed","template":"","meta":[],"product_cat":[60,55,90,61],"product_tag":[],"acf":[],"aioseo_notices":[],"aioseo_head":"\n\t\t<!-- All in One SEO Pro 4.9.6.2 - aioseo.com -->\n\t<meta name=\"robots\" content=\"max-snippet:-1, max-image-preview:large, max-video-preview:-1\" \/>\n\t<meta name=\"google-site-verification\" content=\"8Eq-tSfxoQlW8b3d6m5-Rcvd3uyqViycEKv1KIhgKA4\" \/>\n\t<link rel=\"canonical\" href=\"https:\/\/chateauclosdebouard.com\/produit\/condrieu-la-combe-de-malleval\/\" \/>\n\t<meta name=\"generator\" content=\"All in One SEO Pro (AIOSEO) 4.9.6.2\" \/>\n\n\t\t<!-- Google tag (gtag.js) -->\n<script async src=\"https:\/\/www.googletagmanager.com\/gtag\/js?id=G-L9K9T63EDF\"><\/script>\n<script>\n  window.dataLayer = window.dataLayer || [];\n  function gtag(){dataLayer.push(arguments);}\n  gtag('js', new Date());\n\n  gtag('config', 'G-L9K9T63EDF');\n<\/script>\n\t\t<meta property=\"og:locale\" content=\"fr_FR\" \/>\n\t\t<meta property=\"og:site_name\" content=\"NOWA\" \/>\n\t\t<meta property=\"og:type\" content=\"article\" \/>\n\t\t<meta property=\"og:title\" content=\"Condrieu la Combe de Malleval | Ch\u00e2teau clos de Bo\u00fcard\" \/>\n\t\t<meta property=\"og:url\" content=\"https:\/\/chateauclosdebouard.com\/produit\/condrieu-la-combe-de-malleval\/\" \/>\n\t\t<meta property=\"og:image\" content=\"https:\/\/chateauclosdebouard.com\/wp-content\/uploads\/2023\/01\/domaine-stephane-ogier-condrieu-la-combe-de-malleval-2016-2240366011.png\" \/>\n\t\t<meta property=\"og:image:secure_url\" content=\"https:\/\/chateauclosdebouard.com\/wp-content\/uploads\/2023\/01\/domaine-stephane-ogier-condrieu-la-combe-de-malleval-2016-2240366011.png\" \/>\n\t\t<meta property=\"og:image:width\" content=\"800\" \/>\n\t\t<meta property=\"og:image:height\" content=\"800\" \/>\n\t\t<meta property=\"article:published_time\" content=\"2023-01-25T14:17:57+00:00\" \/>\n\t\t<meta property=\"article:modified_time\" content=\"2023-03-21T13:54:58+00:00\" \/>\n\t\t<meta property=\"article:publisher\" content=\"https:\/\/www.facebook.com\/ChateauClosdeBouard\" \/>\n\t\t<meta name=\"twitter:card\" content=\"summary\" \/>\n\t\t<meta name=\"twitter:title\" content=\"Condrieu la Combe de Malleval | Ch\u00e2teau clos de Bo\u00fcard\" \/>\n\t\t<meta name=\"twitter:image\" content=\"https:\/\/chateauclosdebouard.com\/wp-content\/uploads\/2023\/01\/domaine-stephane-ogier-condrieu-la-combe-de-malleval-2016-2240366011.png\" \/>\n\t\t<script type=\"application\/ld+json\" class=\"aioseo-schema\">\n\t\t\t{\"@context\":\"https:\\\/\\\/schema.org\",\"@graph\":[{\"@type\":\"BreadcrumbList\",\"@id\":\"https:\\\/\\\/chateauclosdebouard.com\\\/produit\\\/condrieu-la-combe-de-malleval\\\/#breadcrumblist\",\"itemListElement\":[{\"@type\":\"ListItem\",\"@id\":\"https:\\\/\\\/chateauclosdebouard.com#listItem\",\"position\":1,\"name\":\"Home\",\"item\":\"https:\\\/\\\/chateauclosdebouard.com\",\"nextItem\":{\"@type\":\"ListItem\",\"@id\":\"https:\\\/\\\/chateauclosdebouard.com\\\/product-category\\\/couleur\\\/#listItem\",\"name\":\"Couleur\"}},{\"@type\":\"ListItem\",\"@id\":\"https:\\\/\\\/chateauclosdebouard.com\\\/product-category\\\/couleur\\\/#listItem\",\"position\":2,\"name\":\"Couleur\",\"item\":\"https:\\\/\\\/chateauclosdebouard.com\\\/product-category\\\/couleur\\\/\",\"nextItem\":{\"@type\":\"ListItem\",\"@id\":\"https:\\\/\\\/chateauclosdebouard.com\\\/product-category\\\/couleur\\\/blanc\\\/#listItem\",\"name\":\"Blanc\"},\"previousItem\":{\"@type\":\"ListItem\",\"@id\":\"https:\\\/\\\/chateauclosdebouard.com#listItem\",\"name\":\"Home\"}},{\"@type\":\"ListItem\",\"@id\":\"https:\\\/\\\/chateauclosdebouard.com\\\/product-category\\\/couleur\\\/blanc\\\/#listItem\",\"position\":3,\"name\":\"Blanc\",\"item\":\"https:\\\/\\\/chateauclosdebouard.com\\\/product-category\\\/couleur\\\/blanc\\\/\",\"nextItem\":{\"@type\":\"ListItem\",\"@id\":\"https:\\\/\\\/chateauclosdebouard.com\\\/produit\\\/condrieu-la-combe-de-malleval\\\/#listItem\",\"name\":\"Condrieu la Combe de Malleval\"},\"previousItem\":{\"@type\":\"ListItem\",\"@id\":\"https:\\\/\\\/chateauclosdebouard.com\\\/product-category\\\/couleur\\\/#listItem\",\"name\":\"Couleur\"}},{\"@type\":\"ListItem\",\"@id\":\"https:\\\/\\\/chateauclosdebouard.com\\\/produit\\\/condrieu-la-combe-de-malleval\\\/#listItem\",\"position\":4,\"name\":\"Condrieu la Combe de Malleval\",\"previousItem\":{\"@type\":\"ListItem\",\"@id\":\"https:\\\/\\\/chateauclosdebouard.com\\\/product-category\\\/couleur\\\/blanc\\\/#listItem\",\"name\":\"Blanc\"}}]},{\"@type\":\"Organization\",\"@id\":\"https:\\\/\\\/chateauclosdebouard.com\\\/#organization\",\"name\":\"Ch\\u00e2teau Clos de Bo\\u00fcard, votre vignoble \\u00e0 Montagne\",\"description\":\"Notre vignoble met \\u00e0 votre disposition une belle s\\u00e9lection de diff\\u00e9rents accessoires pour les vins, destin\\u00e9s aux wine lovers, pour compl\\u00e9ter votre exp\\u00e9rience gustative.\",\"url\":\"https:\\\/\\\/chateauclosdebouard.com\\\/\",\"email\":\"contact@chateauclosdebouard.com\",\"telephone\":\"+33557254337\",\"foundingDate\":\"1980-02-01\",\"logo\":{\"@type\":\"ImageObject\",\"url\":\"https:\\\/\\\/chateauclosdebouard.com\\\/wp-content\\\/uploads\\\/2025\\\/01\\\/Logo_chateau_clos_de_bouard_montagne_saint-emilion.webp\",\"@id\":\"https:\\\/\\\/chateauclosdebouard.com\\\/produit\\\/condrieu-la-combe-de-malleval\\\/#organizationLogo\",\"width\":125,\"height\":159,\"caption\":\"Logo Ch\\u00e2teau Clos de Bo\\u00fcard\"},\"image\":{\"@id\":\"https:\\\/\\\/chateauclosdebouard.com\\\/produit\\\/condrieu-la-combe-de-malleval\\\/#organizationLogo\"},\"sameAs\":[\"https:\\\/\\\/www.instagram.com\\\/chateauclosdebouard\\\/\",\"https:\\\/\\\/www.linkedin.com\\\/company\\\/chateau-clos-de-bouard\\\/about\\\/\"]},{\"@type\":\"Product\",\"@id\":\"https:\\\/\\\/chateauclosdebouard.com\\\/produit\\\/condrieu-la-combe-de-malleval\\\/#wooCommerceProduct\",\"name\":\"Condrieu la Combe de Malleval\",\"description\":\"\\u00c9l\\u00e9gante combinaison de fruits blancs et de douces senteurs d'\\u00e9pices, le Condrieu Combe de Malleval d\\u00e9veloppe en bouche beaucoup de richesse et de rondeur. Une cuv\\u00e9e suave et \\u00e9quilibr\\u00e9e qui s'invitera aussi bien au cours d'un repas que sur des desserts.\",\"url\":\"https:\\\/\\\/chateauclosdebouard.com\\\/produit\\\/condrieu-la-combe-de-malleval\\\/\",\"image\":{\"@type\":\"ImageObject\",\"url\":\"https:\\\/\\\/chateauclosdebouard.com\\\/wp-content\\\/uploads\\\/2023\\\/01\\\/domaine-stephane-ogier-condrieu-la-combe-de-malleval-2016-2240366011.png\",\"@id\":\"https:\\\/\\\/chateauclosdebouard.com\\\/produit\\\/condrieu-la-combe-de-malleval\\\/#productImage\",\"width\":800,\"height\":800},\"offers\":{\"@type\":\"Offer\",\"url\":\"https:\\\/\\\/chateauclosdebouard.com\\\/produit\\\/condrieu-la-combe-de-malleval\\\/#wooCommerceOffer\",\"price\":45,\"priceCurrency\":\"EUR\",\"category\":\"Blanc\",\"availability\":\"https:\\\/\\\/schema.org\\\/InStock\",\"priceSpecification\":{\"@type\":\"PriceSpecification\",\"price\":45,\"priceCurrency\":\"EUR\",\"valueAddedTaxIncluded\":\"true\"},\"seller\":{\"@type\":\"Organization\",\"@id\":\"https:\\\/\\\/chateauclosdebouard.com\\\/#organization\"}}},{\"@type\":\"WebPage\",\"@id\":\"https:\\\/\\\/chateauclosdebouard.com\\\/produit\\\/condrieu-la-combe-de-malleval\\\/#webpage\",\"url\":\"https:\\\/\\\/chateauclosdebouard.com\\\/produit\\\/condrieu-la-combe-de-malleval\\\/\",\"name\":\"Condrieu la Combe de Malleval | Ch\\u00e2teau clos de Bo\\u00fcard\",\"inLanguage\":\"fr-FR\",\"isPartOf\":{\"@id\":\"https:\\\/\\\/chateauclosdebouard.com\\\/#website\"},\"breadcrumb\":{\"@id\":\"https:\\\/\\\/chateauclosdebouard.com\\\/produit\\\/condrieu-la-combe-de-malleval\\\/#breadcrumblist\"},\"image\":{\"@type\":\"ImageObject\",\"url\":\"https:\\\/\\\/chateauclosdebouard.com\\\/wp-content\\\/uploads\\\/2023\\\/01\\\/domaine-stephane-ogier-condrieu-la-combe-de-malleval-2016-2240366011.png\",\"@id\":\"https:\\\/\\\/chateauclosdebouard.com\\\/produit\\\/condrieu-la-combe-de-malleval\\\/#mainImage\",\"width\":800,\"height\":800},\"primaryImageOfPage\":{\"@id\":\"https:\\\/\\\/chateauclosdebouard.com\\\/produit\\\/condrieu-la-combe-de-malleval\\\/#mainImage\"},\"datePublished\":\"2023-01-25T15:17:57+01:00\",\"dateModified\":\"2023-03-21T14:54:58+01:00\"},{\"@type\":\"WebSite\",\"@id\":\"https:\\\/\\\/chateauclosdebouard.com\\\/#website\",\"url\":\"https:\\\/\\\/chateauclosdebouard.com\\\/\",\"name\":\"Ch\\u00e2teau clos de Bo\\u00fcard\",\"inLanguage\":\"fr-FR\",\"publisher\":{\"@id\":\"https:\\\/\\\/chateauclosdebouard.com\\\/#organization\"}}]}\n\t\t<\/script>\n\t\t<!-- All in One SEO Pro -->\r\n\t\t<title>Condrieu la Combe de Malleval | Ch\u00e2teau clos de Bo\u00fcard<\/title>\n\n","aioseo_head_json":{"title":"Condrieu la Combe de Malleval | Ch\u00e2teau clos de Bo\u00fcard","description":"","canonical_url":"https:\/\/chateauclosdebouard.com\/produit\/condrieu-la-combe-de-malleval\/","robots":"max-snippet:-1, max-image-preview:large, max-video-preview:-1","keywords":"","webmasterTools":{"google-site-verification":"8Eq-tSfxoQlW8b3d6m5-Rcvd3uyqViycEKv1KIhgKA4","miscellaneous":"&lt;!-- Google tag (gtag.js) --&gt;\n&lt;script async src=\"https:\/\/www.googletagmanager.com\/gtag\/js?id=G-L9K9T63EDF\"&gt;&lt;\/script&gt;\n&lt;script&gt;\n  window.dataLayer = window.dataLayer || [];\n  function gtag(){dataLayer.push(arguments);}\n  gtag('js', new Date());\n\n  gtag('config', 'G-L9K9T63EDF');\n&lt;\/script&gt;"},"schema":{"@context":"https:\/\/schema.org","@graph":[{"@type":"BreadcrumbList","@id":"https:\/\/chateauclosdebouard.com\/produit\/condrieu-la-combe-de-malleval\/#breadcrumblist","itemListElement":[{"@type":"ListItem","@id":"https:\/\/chateauclosdebouard.com#listItem","position":1,"name":"Home","item":"https:\/\/chateauclosdebouard.com","nextItem":{"@type":"ListItem","@id":"https:\/\/chateauclosdebouard.com\/product-category\/couleur\/#listItem","name":"Couleur"}},{"@type":"ListItem","@id":"https:\/\/chateauclosdebouard.com\/product-category\/couleur\/#listItem","position":2,"name":"Couleur","item":"https:\/\/chateauclosdebouard.com\/product-category\/couleur\/","nextItem":{"@type":"ListItem","@id":"https:\/\/chateauclosdebouard.com\/product-category\/couleur\/blanc\/#listItem","name":"Blanc"},"previousItem":{"@type":"ListItem","@id":"https:\/\/chateauclosdebouard.com#listItem","name":"Home"}},{"@type":"ListItem","@id":"https:\/\/chateauclosdebouard.com\/product-category\/couleur\/blanc\/#listItem","position":3,"name":"Blanc","item":"https:\/\/chateauclosdebouard.com\/product-category\/couleur\/blanc\/","nextItem":{"@type":"ListItem","@id":"https:\/\/chateauclosdebouard.com\/produit\/condrieu-la-combe-de-malleval\/#listItem","name":"Condrieu la Combe de Malleval"},"previousItem":{"@type":"ListItem","@id":"https:\/\/chateauclosdebouard.com\/product-category\/couleur\/#listItem","name":"Couleur"}},{"@type":"ListItem","@id":"https:\/\/chateauclosdebouard.com\/produit\/condrieu-la-combe-de-malleval\/#listItem","position":4,"name":"Condrieu la Combe de Malleval","previousItem":{"@type":"ListItem","@id":"https:\/\/chateauclosdebouard.com\/product-category\/couleur\/blanc\/#listItem","name":"Blanc"}}]},{"@type":"Organization","@id":"https:\/\/chateauclosdebouard.com\/#organization","name":"Ch\u00e2teau Clos de Bo\u00fcard, votre vignoble \u00e0 Montagne","description":"Notre vignoble met \u00e0 votre disposition une belle s\u00e9lection de diff\u00e9rents accessoires pour les vins, destin\u00e9s aux wine lovers, pour compl\u00e9ter votre exp\u00e9rience gustative.","url":"https:\/\/chateauclosdebouard.com\/","email":"contact@chateauclosdebouard.com","telephone":"+33557254337","foundingDate":"1980-02-01","logo":{"@type":"ImageObject","url":"https:\/\/chateauclosdebouard.com\/wp-content\/uploads\/2025\/01\/Logo_chateau_clos_de_bouard_montagne_saint-emilion.webp","@id":"https:\/\/chateauclosdebouard.com\/produit\/condrieu-la-combe-de-malleval\/#organizationLogo","width":125,"height":159,"caption":"Logo Ch\u00e2teau Clos de Bo\u00fcard"},"image":{"@id":"https:\/\/chateauclosdebouard.com\/produit\/condrieu-la-combe-de-malleval\/#organizationLogo"},"sameAs":["https:\/\/www.instagram.com\/chateauclosdebouard\/","https:\/\/www.linkedin.com\/company\/chateau-clos-de-bouard\/about\/"]},{"@type":"Product","@id":"https:\/\/chateauclosdebouard.com\/produit\/condrieu-la-combe-de-malleval\/#wooCommerceProduct","name":"Condrieu la Combe de Malleval","description":"\u00c9l\u00e9gante combinaison de fruits blancs et de douces senteurs d'\u00e9pices, le Condrieu Combe de Malleval d\u00e9veloppe en bouche beaucoup de richesse et de rondeur. Une cuv\u00e9e suave et \u00e9quilibr\u00e9e qui s'invitera aussi bien au cours d'un repas que sur des desserts.","url":"https:\/\/chateauclosdebouard.com\/produit\/condrieu-la-combe-de-malleval\/","image":{"@type":"ImageObject","url":"https:\/\/chateauclosdebouard.com\/wp-content\/uploads\/2023\/01\/domaine-stephane-ogier-condrieu-la-combe-de-malleval-2016-2240366011.png","@id":"https:\/\/chateauclosdebouard.com\/produit\/condrieu-la-combe-de-malleval\/#productImage","width":800,"height":800},"offers":{"@type":"Offer","url":"https:\/\/chateauclosdebouard.com\/produit\/condrieu-la-combe-de-malleval\/#wooCommerceOffer","price":45,"priceCurrency":"EUR","category":"Blanc","availability":"https:\/\/schema.org\/InStock","priceSpecification":{"@type":"PriceSpecification","price":45,"priceCurrency":"EUR","valueAddedTaxIncluded":"true"},"seller":{"@type":"Organization","@id":"https:\/\/chateauclosdebouard.com\/#organization"}}},{"@type":"WebPage","@id":"https:\/\/chateauclosdebouard.com\/produit\/condrieu-la-combe-de-malleval\/#webpage","url":"https:\/\/chateauclosdebouard.com\/produit\/condrieu-la-combe-de-malleval\/","name":"Condrieu la Combe de Malleval | Ch\u00e2teau clos de Bo\u00fcard","inLanguage":"fr-FR","isPartOf":{"@id":"https:\/\/chateauclosdebouard.com\/#website"},"breadcrumb":{"@id":"https:\/\/chateauclosdebouard.com\/produit\/condrieu-la-combe-de-malleval\/#breadcrumblist"},"image":{"@type":"ImageObject","url":"https:\/\/chateauclosdebouard.com\/wp-content\/uploads\/2023\/01\/domaine-stephane-ogier-condrieu-la-combe-de-malleval-2016-2240366011.png","@id":"https:\/\/chateauclosdebouard.com\/produit\/condrieu-la-combe-de-malleval\/#mainImage","width":800,"height":800},"primaryImageOfPage":{"@id":"https:\/\/chateauclosdebouard.com\/produit\/condrieu-la-combe-de-malleval\/#mainImage"},"datePublished":"2023-01-25T15:17:57+01:00","dateModified":"2023-03-21T14:54:58+01:00"},{"@type":"WebSite","@id":"https:\/\/chateauclosdebouard.com\/#website","url":"https:\/\/chateauclosdebouard.com\/","name":"Ch\u00e2teau clos de Bo\u00fcard","inLanguage":"fr-FR","publisher":{"@id":"https:\/\/chateauclosdebouard.com\/#organization"}}]},"og:locale":"fr_FR","og:site_name":"NOWA","og:type":"article","og:title":"Condrieu la Combe de Malleval | Ch\u00e2teau clos de Bo\u00fcard","og:url":"https:\/\/chateauclosdebouard.com\/produit\/condrieu-la-combe-de-malleval\/","og:image":"https:\/\/chateauclosdebouard.com\/wp-content\/uploads\/2023\/01\/domaine-stephane-ogier-condrieu-la-combe-de-malleval-2016-2240366011.png","og:image:secure_url":"https:\/\/chateauclosdebouard.com\/wp-content\/uploads\/2023\/01\/domaine-stephane-ogier-condrieu-la-combe-de-malleval-2016-2240366011.png","og:image:width":800,"og:image:height":800,"article:published_time":"2023-01-25T14:17:57+00:00","article:modified_time":"2023-03-21T13:54:58+00:00","article:publisher":"https:\/\/www.facebook.com\/ChateauClosdeBouard","twitter:card":"summary","twitter:title":"Condrieu la Combe de Malleval | Ch\u00e2teau clos de Bo\u00fcard","twitter:image":"https:\/\/chateauclosdebouard.com\/wp-content\/uploads\/2023\/01\/domaine-stephane-ogier-condrieu-la-combe-de-malleval-2016-2240366011.png"},"aioseo_meta_data":{"post_id":"2332","title":null,"description":null,"keywords":[],"keyphrases":{"focus":{"keyphrase":"","score":0,"analysis":{"keyphraseInTitle":{"score":0,"maxScore":9,"error":1}}},"additional":[]},"primary_term":null,"canonical_url":null,"og_title":null,"og_description":null,"og_object_type":"default","og_image_type":"default","og_image_url":null,"og_image_width":null,"og_image_height":null,"og_image_custom_url":null,"og_image_custom_fields":null,"og_video":"","og_custom_url":null,"og_article_section":null,"og_article_tags":[],"twitter_use_og":false,"twitter_card":"default","twitter_image_type":"default","twitter_image_url":null,"twitter_image_custom_url":null,"twitter_image_custom_fields":null,"twitter_title":null,"twitter_description":null,"schema":{"blockGraphs":[],"customGraphs":[],"default":{"data":{"Article":[],"Course":[],"Dataset":[],"FAQPage":[],"Movie":[],"Person":[],"Product":[],"ProductReview":[],"Car":[],"Recipe":[],"Service":[],"SoftwareApplication":[],"WebPage":[]},"graphName":"ItemPage","isEnabled":true},"graphs":[]},"schema_type":"default","schema_type_options":null,"pillar_content":false,"robots_default":true,"robots_noindex":false,"robots_noarchive":false,"robots_nosnippet":false,"robots_nofollow":false,"robots_noimageindex":false,"robots_noodp":false,"robots_notranslate":false,"robots_max_snippet":"-1","robots_max_videopreview":"-1","robots_max_imagepreview":"large","priority":null,"frequency":"default","location":null,"local_seo":null,"seo_analyzer_scan_date":"2025-10-12 17:29:06","limit_modified_date":false,"reviewed_by":null,"open_ai":null,"ai":null,"created":"2023-01-25 14:14:03","updated":"2025-10-12 17:29:06"},"aioseo_breadcrumb":"<div class=\"aioseo-breadcrumbs\"><span class=\"aioseo-breadcrumb\">\n\t<a href=\"https:\/\/chateauclosdebouard.com\" title=\"Home\">Home<\/a>\n<\/span><span class=\"aioseo-breadcrumb-separator\">&raquo;<\/span><span class=\"aioseo-breadcrumb\">\n\t<a href=\"https:\/\/chateauclosdebouard.com\/product-category\/couleur\/\" title=\"Couleur\">Couleur<\/a>\n<\/span><span class=\"aioseo-breadcrumb-separator\">&raquo;<\/span><span class=\"aioseo-breadcrumb\">\n\t<a href=\"https:\/\/chateauclosdebouard.com\/product-category\/couleur\/blanc\/\" title=\"Blanc\">Blanc<\/a>\n<\/span><span class=\"aioseo-breadcrumb-separator\">&raquo;<\/span><span class=\"aioseo-breadcrumb\">\n\tCondrieu la Combe de Malleval\n<\/span><\/div>","aioseo_breadcrumb_json":[{"label":"Home","link":"https:\/\/chateauclosdebouard.com"},{"label":"Couleur","link":"https:\/\/chateauclosdebouard.com\/product-category\/couleur\/"},{"label":"Blanc","link":"https:\/\/chateauclosdebouard.com\/product-category\/couleur\/blanc\/"},{"label":"Condrieu la Combe de Malleval","link":"https:\/\/chateauclosdebouard.com\/produit\/condrieu-la-combe-de-malleval\/"}],"_links":{"self":[{"href":"https:\/\/chateauclosdebouard.com\/nov-apijson\/wp\/v2\/product\/2332"}],"collection":[{"href":"https:\/\/chateauclosdebouard.com\/nov-apijson\/wp\/v2\/product"}],"about":[{"href":"https:\/\/chateauclosdebouard.com\/nov-apijson\/wp\/v2\/types\/product"}],"replies":[{"embeddable":true,"href":"https:\/\/chateauclosdebouard.com\/nov-apijson\/wp\/v2\/comments?post=2332"}],"wp:featuredmedia":[{"embeddable":true,"href":"https:\/\/chateauclosdebouard.com\/nov-apijson\/wp\/v2\/media\/2333"}],"wp:attachment":[{"href":"https:\/\/chateauclosdebouard.com\/nov-apijson\/wp\/v2\/media?parent=2332"}],"wp:term":[{"taxonomy":"product_cat","embeddable":true,"href":"https:\/\/chateauclosdebouard.com\/nov-apijson\/wp\/v2\/product_cat?post=2332"},{"taxonomy":"product_tag","embeddable":true,"href":"https:\/\/chateauclosdebouard.com\/nov-apijson\/wp\/v2\/product_tag?post=2332"}],"curies":[{"name":"wp","href":"https:\/\/api.w.org\/{rel}","templated":true}]}}